{"id":308469,"date":"2024-03-19T21:12:05","date_gmt":"2024-03-20T01:12:05","guid":{"rendered":"https:\/\/galadelaterre.com\/edition-2022\/"},"modified":"2024-05-19T08:46:50","modified_gmt":"2024-05-19T12:46:50","slug":"edition-2022","status":"publish","type":"page","link":"https:\/\/galadelaterre.com\/en\/edition-2022\/","title":{"rendered":"2022 edition"},"content":{"rendered":"<p>[et_pb_section fb_built=&#8221;1&#8243; admin_label=&#8221;beneficieres_Section&#8221; _builder_version=&#8221;4.25.0&#8243; _module_preset=&#8221;default&#8221; background_image=&#8221;https:\/\/galadelaterre.com\/wp-content\/uploads\/2024\/03\/bg_nom_equipe-1.jpg&#8221; background_position=&#8221;top_center&#8221; z_index=&#8221;16&#8243; border_width_bottom=&#8221;6px&#8221; border_color_bottom=&#8221;#FFFFFF&#8221; box_shadow_style=&#8221;preset3&#8243; global_colors_info=&#8221;{}&#8221;][et_pb_row make_equal=&#8221;on&#8221; _builder_version=&#8221;4.24.2&#8243; _module_preset=&#8221;default&#8221; background_color=&#8221;RGBA(255,255,255,0)&#8221; width=&#8221;36%&#8221; width_tablet=&#8221;65%&#8221; width_phone=&#8221;70%&#8221; width_last_edited=&#8221;on|phone&#8221; max_width=&#8221;100%&#8221; custom_margin=&#8221;||||true|false&#8221; custom_padding=&#8221;||||false|true&#8221; custom_css_main_element=&#8221;align-self:center;||&#8221; border_radii=&#8221;on|24px|24px|24px|24px&#8221; global_colors_info=&#8221;{}&#8221;][et_pb_column type=&#8221;4_4&#8243; _builder_version=&#8221;4.24.2&#8243; _module_preset=&#8221;default&#8221; custom_css_main_element=&#8221;||||&#8221; global_colors_info=&#8221;{}&#8221;][et_pb_heading title=&#8221;2022 Edition &#8221; admin_label=&#8221;titre Nicolas Ellis&#8221; _builder_version=&#8221;4.24.2&#8243; _module_preset=&#8221;default&#8221; title_text_align=&#8221;center&#8221; title_font_size=&#8221;3em&#8221; custom_margin=&#8221;0px||0px||false|false&#8221; custom_padding=&#8221;0px||0px||true|false&#8221; global_colors_info=&#8221;{}&#8221;][\/et_pb_heading][et_pb_divider color=&#8221;#000000&#8243; divider_weight=&#8221;7px&#8221; _builder_version=&#8221;4.24.2&#8243; _module_preset=&#8221;default&#8221; max_width=&#8221;8%&#8221; module_alignment=&#8221;center&#8221; custom_margin=&#8221;||20px||false|false&#8221; custom_padding=&#8221;0px||0px||false|false&#8221; global_colors_info=&#8221;{}&#8221;][\/et_pb_divider][et_pb_text admin_label=&#8221;titre professionnel&#8221; _builder_version=&#8221;4.24.2&#8243; _module_preset=&#8221;default&#8221; text_font=&#8221;Barlow|500||on|||||&#8221; text_font_size=&#8221;1.3em&#8221; header_text_align=&#8221;center&#8221; header_2_font=&#8221;Barlow Condensed|600|||||||&#8221; text_orientation=&#8221;center&#8221; custom_margin=&#8221;0px||15px||false|false&#8221; global_colors_info=&#8221;{}&#8221;]<\/p>\n<h3>This fundraiser built around Mahler\u2019s 3rd Symphony, with more than 200 musicians and choristers on stage under the direction of conductor Nicolas Ellis, helped to raise<\/h3>\n<p>[\/et_pb_text][et_pb_text admin_label=&#8221;titre professionnel&#8221; _builder_version=&#8221;4.24.2&#8243; _module_preset=&#8221;default&#8221; text_font=&#8221;Barlow|500||on|||||&#8221; text_font_size=&#8221;1.3em&#8221; header_font=&#8221;Barlow Condensed|||on|||||&#8221; header_text_align=&#8221;center&#8221; header_font_size=&#8221;52px&#8221; header_2_font=&#8221;Barlow Condensed|600|||||||&#8221; text_orientation=&#8221;center&#8221; custom_margin=&#8221;0px||1px||false|false&#8221; global_colors_info=&#8221;{}&#8221;]<\/p>\n<h1>255 000 $<\/h1>\n<p>[\/et_pb_text][et_pb_text admin_label=&#8221;titre professionnel&#8221; _builder_version=&#8221;4.24.2&#8243; _module_preset=&#8221;default&#8221; text_font=&#8221;Barlow|500|||||||&#8221; text_font_size=&#8221;1.3em&#8221; header_font=&#8221;Barlow Condensed|||on|||||&#8221; header_text_align=&#8221;center&#8221; header_font_size=&#8221;52px&#8221; header_2_font=&#8221;Barlow Condensed|600|||||||&#8221; text_orientation=&#8221;center&#8221; custom_margin=&#8221;||||false|false&#8221; global_colors_info=&#8221;{}&#8221;]<\/p>\n<p>to support Nature Conservancy of Canada, Sierra Club Foundation Canada and UNICEF Canada<\/p>\n<p>[\/et_pb_text][\/et_pb_column][\/et_pb_row][\/et_pb_section][et_pb_section fb_built=&#8221;1&#8243; custom_padding_last_edited=&#8221;on|phone&#8221; admin_label=&#8221;partenaires Section&#8221; _builder_version=&#8221;4.24.2&#8243; _module_preset=&#8221;default&#8221; background_color=&#8221;#FFFFFF&#8221; background_enable_image=&#8221;off&#8221; position_origin_a=&#8221;bottom_center&#8221; custom_margin=&#8221;0px||0px||true|false&#8221; custom_padding=&#8221;60px||60px||true|false&#8221; custom_padding_tablet=&#8221;50px||50px||true|false&#8221; custom_padding_phone=&#8221;50px||50px||true|false&#8221; box_shadow_style=&#8221;preset3&#8243; global_colors_info=&#8221;{}&#8221; custom_css_main_element_last_edited=&#8221;on|phone&#8221;][et_pb_row use_custom_gutter=&#8221;on&#8221; gutter_width=&#8221;1&#8243; make_equal=&#8221;on&#8221; _builder_version=&#8221;4.24.2&#8243; _module_preset=&#8221;default&#8221; background_color=&#8221;RGBA(255,255,255,0)&#8221; width=&#8221;60%&#8221; max_width=&#8221;100%&#8221; custom_margin=&#8221;||||true|false&#8221; custom_padding=&#8221;||||false|true&#8221; custom_css_main_element=&#8221;display: flex;||flex-wrap: wrap;&#8221; border_radii=&#8221;on|24px|24px|24px|24px&#8221; global_colors_info=&#8221;{}&#8221;][et_pb_column type=&#8221;4_4&#8243; _builder_version=&#8221;4.24.2&#8243; _module_preset=&#8221;default&#8221; custom_css_main_element=&#8221;order: 1;||margin:auto;||&#8221; global_colors_info=&#8221;{}&#8221;][et_pb_text content_tablet=&#8221;<\/p>\n<h1>thanks to our partners<\/h1>\n<p>&#8221; content_phone=&#8221;<\/p>\n<h1>thanks to our partners<\/h1>\n<p>&#8221; content_last_edited=&#8221;on|desktop&#8221; _builder_version=&#8221;4.24.3&#8243; _module_preset=&#8221;default&#8221; header_font=&#8221;Barlow Semi Condensed|700||on|||||&#8221; header_text_align=&#8221;center&#8221; global_colors_info=&#8221;{}&#8221;]<\/p>\n<h1>thanks to our partners<\/h1>\n<p>[\/et_pb_text][\/et_pb_column][\/et_pb_row][et_pb_row column_structure=&#8221;1_2,1_2&#8243; use_custom_gutter=&#8221;on&#8221; gutter_width=&#8221;2&#8243; make_equal=&#8221;on&#8221; custom_padding_last_edited=&#8221;on|desktop&#8221; admin_label=&#8221;partenaire row&#8221; _builder_version=&#8221;4.24.2&#8243; _module_preset=&#8221;default&#8221; background_color=&#8221;RGBA(255,255,255,0)&#8221; width=&#8221;44%&#8221; width_tablet=&#8221;95%&#8221; width_phone=&#8221;100%&#8221; width_last_edited=&#8221;on|tablet&#8221; max_width=&#8221;100%&#8221; module_alignment=&#8221;center&#8221; custom_padding=&#8221;40px|0px|40px|0px|false|true&#8221; custom_padding_tablet=&#8221;0px|0px|0px|0px|true|true&#8221; custom_padding_phone=&#8221;0px|0px|0px|0px|true|true&#8221; custom_css_main_element=&#8221;display:flex;||||&#8221; border_radii=&#8221;on|24px|24px|24px|24px&#8221; border_color_top=&#8221;gcid-0782271c-f99f-4120-914b-89f2db050e12&#8243; global_colors_info=&#8221;{%22gcid-0782271c-f99f-4120-914b-89f2db050e12%22:%91%22border_color_top%22%93}&#8221; custom_css_main_element_last_edited=&#8221;on|desktop&#8221; custom_css_main_element_phone=&#8221;display:block;&#8221; custom_css_main_element_tablet=&#8221;display:flex;||||&#8221;][et_pb_column type=&#8221;1_2&#8243; _builder_version=&#8221;4.24.2&#8243; _module_preset=&#8221;default&#8221; global_colors_info=&#8221;{}&#8221;][et_pb_heading title=&#8221;Presented by&#8221; _builder_version=&#8221;4.24.3&#8243; _module_preset=&#8221;default&#8221; title_level=&#8221;h4&#8243; title_font=&#8221;Barlow Condensed|500||on|||||&#8221; title_text_align=&#8221;center&#8221; title_font_size=&#8221;16px&#8221; custom_margin=&#8221;0px||0px||false|false&#8221; custom_margin_tablet=&#8221;||0px||false|false&#8221; custom_margin_phone=&#8221;4px||0px||false|false&#8221; custom_margin_last_edited=&#8221;on|tablet&#8221; title_font_size_tablet=&#8221;0.7em&#8221; title_font_size_phone=&#8221;1.1em&#8221; global_colors_info=&#8221;{}&#8221;][\/et_pb_heading][et_pb_image src=&#8221;https:\/\/galadelaterre.com\/wp-content\/uploads\/2024\/03\/canimex_wbg.png&#8221; alt=&#8221;Canimex&#8221; title_text=&#8221;Canimex&#8221; show_bottom_space=&#8221;off&#8221; _builder_version=&#8221;4.24.3&#8243; _module_preset=&#8221;default&#8221; max_width=&#8221;39%&#8221; max_width_tablet=&#8221;50%&#8221; max_width_phone=&#8221;43%&#8221; max_width_last_edited=&#8221;on|tablet&#8221; module_alignment=&#8221;center&#8221; custom_padding=&#8221;2rem||||false|false&#8221; custom_padding_tablet=&#8221;2rem||||false|false&#8221; custom_padding_phone=&#8221;1rem||2rem||false|false&#8221; custom_padding_last_edited=&#8221;on|tablet&#8221; global_colors_info=&#8221;{}&#8221;][\/et_pb_image][\/et_pb_column][et_pb_column type=&#8221;1_2&#8243; _builder_version=&#8221;4.24.2&#8243; _module_preset=&#8221;default&#8221; custom_css_main_element=&#8221;||&#8221; global_colors_info=&#8221;{}&#8221;][et_pb_heading title=&#8221;Official partner&#8221; _builder_version=&#8221;4.24.3&#8243; _module_preset=&#8221;default&#8221; title_level=&#8221;h4&#8243; title_font=&#8221;Barlow Condensed|500||on|||||&#8221; title_text_align=&#8221;center&#8221; title_font_size=&#8221;16px&#8221; custom_margin=&#8221;0px||0px||false|false&#8221; custom_margin_tablet=&#8221;||0px||false|false&#8221; custom_margin_phone=&#8221;4px||0px||false|false&#8221; custom_margin_last_edited=&#8221;on|tablet&#8221; title_font_size_tablet=&#8221;0.7em&#8221; title_font_size_phone=&#8221;1.1em&#8221; global_colors_info=&#8221;{}&#8221;][\/et_pb_heading][et_pb_image src=&#8221;https:\/\/galadelaterre.com\/wp-content\/uploads\/2024\/03\/age_of_union_wbg.png&#8221; alt=&#8221;Age of Union&#8221; title_text=&#8221;Age of Union&#8221; show_bottom_space=&#8221;off&#8221; align=&#8221;center&#8221; _builder_version=&#8221;4.24.3&#8243; _module_preset=&#8221;default&#8221; width_tablet=&#8221;&#8221; width_phone=&#8221;&#8221; width_last_edited=&#8221;on|phone&#8221; max_width=&#8221;23%&#8221; max_width_tablet=&#8221;32%&#8221; max_width_phone=&#8221;35%&#8221; max_width_last_edited=&#8221;on|tablet&#8221; module_alignment=&#8221;center&#8221; custom_padding=&#8221;2rem||||false|false&#8221; custom_padding_tablet=&#8221;1rem||||false|false&#8221; custom_padding_phone=&#8221;||3rem||false|false&#8221; custom_padding_last_edited=&#8221;on|desktop&#8221; global_colors_info=&#8221;{}&#8221;][\/et_pb_image][\/et_pb_column][\/et_pb_row][et_pb_row use_custom_gutter=&#8221;on&#8221; gutter_width=&#8221;1&#8243; make_equal=&#8221;on&#8221; _builder_version=&#8221;4.24.3&#8243; _module_preset=&#8221;default&#8221; background_color=&#8221;RGBA(255,255,255,0)&#8221; width=&#8221;60%&#8221; max_width=&#8221;100%&#8221; custom_margin=&#8221;40px||0px||false|false&#8221; custom_margin_tablet=&#8221;40px||0px||false|false&#8221; custom_margin_phone=&#8221;40px||0px||false|false&#8221; custom_margin_last_edited=&#8221;on|phone&#8221; custom_padding=&#8221;||0px||false|true&#8221; custom_css_main_element=&#8221;display: flex;||flex-wrap: wrap;&#8221; border_width_top=&#8221;1px&#8221; global_colors_info=&#8221;{}&#8221;][et_pb_column type=&#8221;4_4&#8243; _builder_version=&#8221;4.24.2&#8243; _module_preset=&#8221;default&#8221; custom_css_main_element=&#8221;order: 1;||margin:auto;||&#8221; global_colors_info=&#8221;{}&#8221;][et_pb_text content_tablet=&#8221;<\/p>\n<h1>beneficiary organisations<\/h1>\n<p>&#8221; content_phone=&#8221;<\/p>\n<h1>beneficiary organisations<\/h1>\n<p>&#8221; content_last_edited=&#8221;on|phone&#8221; _builder_version=&#8221;4.24.3&#8243; _module_preset=&#8221;default&#8221; header_font=&#8221;Barlow Semi Condensed|700||on|||||&#8221; header_text_align=&#8221;center&#8221; custom_padding=&#8221;40px||||false|false&#8221; custom_padding_tablet=&#8221;40px||||false|false&#8221; custom_padding_phone=&#8221;40px||||false|false&#8221; custom_padding_last_edited=&#8221;on|phone&#8221; global_colors_info=&#8221;{}&#8221;]<\/p>\n<h1>beneficiary organisations<\/h1>\n<p>[\/et_pb_text][\/et_pb_column][\/et_pb_row][et_pb_row column_structure=&#8221;1_3,1_3,1_3&#8243; use_custom_gutter=&#8221;on&#8221; gutter_width=&#8221;2&#8243; make_equal=&#8221;on&#8221; custom_padding_last_edited=&#8221;on|desktop&#8221; _builder_version=&#8221;4.24.3&#8243; _module_preset=&#8221;default&#8221; background_color=&#8221;RGBA(255,255,255,0)&#8221; width=&#8221;63%&#8221; width_tablet=&#8221;87%&#8221; width_phone=&#8221;100%&#8221; width_last_edited=&#8221;on|desktop&#8221; max_width=&#8221;100%&#8221; module_alignment=&#8221;center&#8221; custom_margin_tablet=&#8221;20px||||false|false&#8221; custom_margin_phone=&#8221;20px||||false|false&#8221; custom_margin_last_edited=&#8221;on|phone&#8221; custom_padding=&#8221;40px|0px|40px|0px|false|true&#8221; custom_padding_tablet=&#8221;0px|0px|0px|0px|true|true&#8221; custom_padding_phone=&#8221;0px|0px|0px|0px|true|true&#8221; border_color_top=&#8221;gcid-0782271c-f99f-4120-914b-89f2db050e12&#8243; global_colors_info=&#8221;{%22gcid-0782271c-f99f-4120-914b-89f2db050e12%22:%91%22border_color_top%22%93}&#8221; custom_css_main_element_last_edited=&#8221;on|desktop&#8221;][et_pb_column type=&#8221;1_3&#8243; _builder_version=&#8221;4.24.3&#8243; _module_preset=&#8221;default&#8221; custom_padding=&#8221;||||false|false&#8221; custom_padding_tablet=&#8221;||||false|false&#8221; custom_padding_phone=&#8221;||||false|false&#8221; custom_padding_last_edited=&#8221;on|tablet&#8221; custom_css_main_element=&#8221;align-self: center;&#8221; global_colors_info=&#8221;{}&#8221; custom_css_main_element_last_edited=&#8221;on|desktop&#8221; custom_css_main_element_tablet=&#8221;align-self: center;&#8221; custom_css_main_element_phone=&#8221;align-self: center;&#8221;][et_pb_image src=&#8221;https:\/\/galadelaterre.com\/wp-content\/uploads\/2024\/04\/conservation_de_la_nature_canada.jpg&#8221; alt=&#8221;Sierra Club Canada&#8221; title_text=&#8221;Conservation de la nature Canada&#8221; url=&#8221;https:\/\/www.natureconservancy.ca\/fr\/nous-trouver\/quebec\/projets-vedettes\/outaouais\/kenauk.html&#8221; url_new_window=&#8221;on&#8221; align=&#8221;center&#8221; _builder_version=&#8221;4.24.3&#8243; _module_preset=&#8221;default&#8221; width=&#8221;100%&#8221; width_tablet=&#8221;70%&#8221; width_phone=&#8221;80%&#8221; width_last_edited=&#8221;on|tablet&#8221; max_width=&#8221;100%&#8221; module_alignment=&#8221;center&#8221; custom_margin=&#8221;||||false|false&#8221; module_alignment_tablet=&#8221;center&#8221; module_alignment_phone=&#8221;center&#8221; module_alignment_last_edited=&#8221;on|phone&#8221; custom_css_main_element=&#8221;d&#8221; global_colors_info=&#8221;{}&#8221;][\/et_pb_image][\/et_pb_column][et_pb_column type=&#8221;1_3&#8243; _builder_version=&#8221;4.24.3&#8243; _module_preset=&#8221;default&#8221; custom_padding=&#8221;||||false|false&#8221; custom_padding_tablet=&#8221;||||false|false&#8221; custom_padding_phone=&#8221;||||false|false&#8221; custom_padding_last_edited=&#8221;on|desktop&#8221; custom_css_main_element=&#8221;align-self: center;&#8221; global_colors_info=&#8221;{}&#8221; custom_css_main_element_last_edited=&#8221;on|desktop&#8221; custom_css_main_element_phone=&#8221;align-self: center;&#8221; custom_css_main_element_tablet=&#8221;align-self: center;&#8221;][et_pb_image src=&#8221;https:\/\/galadelaterre.com\/wp-content\/uploads\/2024\/03\/sierra_club_b.png&#8221; alt=&#8221;Sierra Club Canada&#8221; title_text=&#8221;Sierra Club Canada&#8221; url=&#8221;https:\/\/www.sierraclub.ca\/&#8221; url_new_window=&#8221;on&#8221; align=&#8221;center&#8221; _builder_version=&#8221;4.24.3&#8243; _module_preset=&#8221;default&#8221; max_width=&#8221;52%&#8221; max_width_tablet=&#8221;50%&#8221; max_width_phone=&#8221;52%&#8221; max_width_last_edited=&#8221;on|phone&#8221; module_alignment=&#8221;center&#8221; custom_margin=&#8221;||||false|false&#8221; module_alignment_tablet=&#8221;center&#8221; module_alignment_phone=&#8221;center&#8221; module_alignment_last_edited=&#8221;on|tablet&#8221; custom_css_main_element=&#8221;d&#8221; global_colors_info=&#8221;{}&#8221;][\/et_pb_image][\/et_pb_column][et_pb_column type=&#8221;1_3&#8243; _builder_version=&#8221;4.24.3&#8243; _module_preset=&#8221;default&#8221; custom_padding=&#8221;||||false|false&#8221; custom_padding_tablet=&#8221;||30px||false|false&#8221; custom_padding_phone=&#8221;||30px||false|false&#8221; custom_padding_last_edited=&#8221;on|phone&#8221; custom_css_main_element=&#8221;align-self: center;&#8221; global_colors_info=&#8221;{}&#8221;][et_pb_image src=&#8221;https:\/\/galadelaterre.com\/wp-content\/uploads\/2024\/03\/unicef.jpg&#8221; alt=&#8221;Unicef Canada&#8221; title_text=&#8221;Unicef Canada&#8221; url=&#8221;https:\/\/www.unicef.ca\/&#8221; align=&#8221;center&#8221; align_tablet=&#8221;center&#8221; align_phone=&#8221;center&#8221; align_last_edited=&#8221;on|desktop&#8221; _builder_version=&#8221;4.24.3&#8243; _module_preset=&#8221;default&#8221; max_width=&#8221;59%&#8221; max_width_tablet=&#8221;50%&#8221; max_width_phone=&#8221;50%&#8221; max_width_last_edited=&#8221;on|phone&#8221; module_alignment=&#8221;right&#8221; custom_margin=&#8221;||||false|false&#8221; custom_margin_tablet=&#8221;||||false|false&#8221; custom_margin_phone=&#8221;||||false|false&#8221; custom_margin_last_edited=&#8221;on|desktop&#8221; module_alignment_tablet=&#8221;center&#8221; module_alignment_phone=&#8221;center&#8221; module_alignment_last_edited=&#8221;on|tablet&#8221; global_colors_info=&#8221;{}&#8221;][\/et_pb_image][\/et_pb_column][\/et_pb_row][\/et_pb_section][et_pb_section fb_built=&#8221;1&#8243; custom_padding_last_edited=&#8221;on|phone&#8221; admin_label=&#8221;conservation nature canada&#8221; _builder_version=&#8221;4.25.1&#8243; _module_preset=&#8221;default&#8221; background_color=&#8221;gcid-eac34094-23de-471b-b938-6bfb4791f336&#8243; background_image=&#8221;https:\/\/galadelaterre.com\/wp-content\/uploads\/2024\/04\/bg_conservation_nature_canada.jpg&#8221; background_position=&#8221;top_left&#8221; background_vertical_offset=&#8221;58%&#8221; z_index=&#8221;294&#8243; custom_padding=&#8221;100px||100px||true|false&#8221; custom_padding_tablet=&#8221;50px|0px|50px|0px|true|true&#8221; custom_padding_phone=&#8221;20px|0px|20px|0px|true|true&#8221; border_width_bottom=&#8221;6px&#8221; border_color_bottom=&#8221;#FFFFFF&#8221; box_shadow_style=&#8221;preset3&#8243; global_colors_info=&#8221;{%22gcid-eac34094-23de-471b-b938-6bfb4791f336%22:%91%22background_color%22%93}&#8221;][et_pb_row use_custom_gutter=&#8221;on&#8221; make_equal=&#8221;on&#8221; custom_padding_last_edited=&#8221;on|phone&#8221; _builder_version=&#8221;4.24.2&#8243; _module_preset=&#8221;default&#8221; background_color=&#8221;gcid-81493cb4-482e-4a5a-97fe-926a2eb1476d&#8221; width=&#8221;60%&#8221; width_tablet=&#8221;90%&#8221; width_phone=&#8221;90%&#8221; width_last_edited=&#8221;on|desktop&#8221; max_width=&#8221;100%&#8221; custom_padding=&#8221;50px|50px|50px|50px|true|true&#8221; custom_padding_tablet=&#8221;40px|40px|40px|40px|true|true&#8221; custom_padding_phone=&#8221;20px|10px|20px|10px|true|true&#8221; box_shadow_style=&#8221;preset3&#8243; box_shadow_vertical=&#8221;20px&#8221; global_colors_info=&#8221;{%22gcid-81493cb4-482e-4a5a-97fe-926a2eb1476d%22:%91%22background_color%22,%22background_color%22%93}&#8221;][et_pb_column type=&#8221;4_4&#8243; _builder_version=&#8221;4.24.2&#8243; _module_preset=&#8221;default&#8221; custom_padding=&#8221;||||false|false&#8221; custom_css_main_element=&#8221;align-self:center;&#8221; global_colors_info=&#8221;{}&#8221;][et_pb_image src=&#8221;https:\/\/galadelaterre.com\/wp-content\/uploads\/2024\/04\/conservation_de_la_nature_canada-3.png&#8221; alt=&#8221;Conservation de la nature Canada&#8221; title_text=&#8221;Conservation de la nature Canada&#8221; url=&#8221;https:\/\/gremm.org\/conservation\/&#8221; align=&#8221;center&#8221; _builder_version=&#8221;4.24.3&#8243; _module_preset=&#8221;default&#8221; width=&#8221;100%&#8221; width_tablet=&#8221;100%&#8221; width_phone=&#8221;100%&#8221; width_last_edited=&#8221;on|desktop&#8221; max_width=&#8221;30%&#8221; max_width_tablet=&#8221;49%&#8221; max_width_phone=&#8221;70%&#8221; max_width_last_edited=&#8221;on|desktop&#8221; module_alignment=&#8221;center&#8221; custom_margin=&#8221;||||false|false&#8221; module_alignment_tablet=&#8221;center&#8221; module_alignment_phone=&#8221;center&#8221; module_alignment_last_edited=&#8221;on|phone&#8221; global_colors_info=&#8221;{}&#8221;][\/et_pb_image][et_pb_text _builder_version=&#8221;4.24.3&#8243; _module_preset=&#8221;default&#8221; max_width=&#8221;80%&#8221; max_width_tablet=&#8221;&#8221; max_width_phone=&#8221;&#8221; max_width_last_edited=&#8221;on|desktop&#8221; module_alignment=&#8221;center&#8221; global_colors_info=&#8221;{}&#8221;]<\/p>\n<h3 style=\"text-align: center;\">\u2018All of the paths that we travel build our lives; those we follow in our youth are the most important. Thank you for offering young people the chance to walk Kenauk\u2019s trails and learn the scientific foundations of nature conservation.\u2019<\/h3>\n<p style=\"text-align: center;\">Bernard Voyer, OC, CQ, MSM, NCC Ambassador<\/p>\n<p>[\/et_pb_text][et_pb_text content_tablet=&#8221;<\/p>\n<h3 style=%22text-align: justify;%22>The Nature Conservancy of Canada (NCC) is grateful to the Orchestre de l\u2019Agora and its audience.<\/h3>\n<p style=%22text-align: justify;%22>Your support has been essential to launching our campaign to protect and endow the Kenauk territory, a vast natural environment unique in Canada located between Montreal and Ottawa-Gatineau. Its ancient forests, deep lakes, and swift rivers are home to more than a hundred rare or endangered species. The long-term conservation of Kenauk is a priority as well as an important opportunity for scientific research and youth education. It is for youth access to nature that CNC has asked for your generosity to support the development of the Kenauk Institute, a charitable organization created to promote the site\u2019s mission for research and education.<\/p>\n<p style=%22text-align: justify;%22>The generosity of the Orchestre allowed CNC and the Kenauk Institute to launch the campaign in 2022 and raise more than $20M to protect this territory and support research and environmental education programs for young people. Since then, more than 1000 ha of riverside habitat has been protected around Lake Papineau. The multi-university scientific program of the Kenauk Institute now includes a permanent watershed monitoring station by the Universit\u00e9 de Qu\u00e9bec \u00e0 Montr\u00e9al (UQAM). An astronomy observatory was also completed, and 170 students participated in educational programs in 2023. The Kenauk Institute will be able to offer more internships for young people and welcome more school groups in the future thanks to the benefits of the endowment campaign and the upcoming construction of a main pavilion.<\/p>\n<p style=%22text-align: justify;%22>The Nature Conservancy of Canada (NCC) is the country\u2019s unifying force for nature. NCC seeks solutions to the twin crises of rapid biodiversity loss and climate change through large-scale, permanent land conservation. As a trusted partner, NCC works with people, communities, businesses, and government to protect and care for our country\u2019s most important natural areas.<br \/>Click on the following links to support the educational programs of the Kenauk Institute or to protect Quebec\u2019s natural sites with the Nature Conservancy of Canada.<\/p>\n<p>&#8221; content_phone=&#8221;<\/p>\n<h3 style=%22text-align: justify;%22>The Nature Conservancy of Canada (NCC) is grateful to the Orchestre de l\u2019Agora and its audience.<\/h3>\n<p style=%22text-align: justify;%22>Your support has been essential to launching our campaign to protect and endow the Kenauk territory, a vast natural environment unique in Canada located between Montreal and Ottawa-Gatineau. Its ancient forests, deep lakes, and swift rivers are home to more than a hundred rare or endangered species. The long-term conservation of Kenauk is a priority as well as an important opportunity for scientific research and youth education. It is for youth access to nature that CNC has asked for your generosity to support the development of the Kenauk Institute, a charitable organization created to promote the site\u2019s mission for research and education.<\/p>\n<p style=%22text-align: justify;%22>The generosity of the Orchestre allowed CNC and the Kenauk Institute to launch the campaign in 2022 and raise more than $20M to protect this territory and support research and environmental education programs for young people. Since then, more than 1000 ha of riverside habitat has been protected around Lake Papineau. The multi-university scientific program of the Kenauk Institute now includes a permanent watershed monitoring station by the Universit\u00e9 de Qu\u00e9bec \u00e0 Montr\u00e9al (UQAM). An astronomy observatory was also completed, and 170 students participated in educational programs in 2023. The Kenauk Institute will be able to offer more internships for young people and welcome more school groups in the future thanks to the benefits of the endowment campaign and the upcoming construction of a main pavilion.<\/p>\n<p style=%22text-align: justify;%22>The Nature Conservancy of Canada (NCC) is the country\u2019s unifying force for nature. NCC seeks solutions to the twin crises of rapid biodiversity loss and climate change through large-scale, permanent land conservation. As a trusted partner, NCC works with people, communities, businesses, and government to protect and care for our country\u2019s most important natural areas.<br \/>Click on the following links to support the educational programs of the Kenauk Institute or to protect Quebec\u2019s natural sites with the Nature Conservancy of Canada.<\/p>\n<p>&#8221; content_last_edited=&#8221;on|phone&#8221; _builder_version=&#8221;4.24.3&#8243; _module_preset=&#8221;default&#8221; text_font_size=&#8221;14px&#8221; background_color=&#8221;#FFFFFF&#8221; text_orientation=&#8221;justified&#8221; width=&#8221;100%&#8221; max_width_tablet=&#8221;90%&#8221; max_width_phone=&#8221;90%&#8221; max_width_last_edited=&#8221;on|phone&#8221; module_alignment=&#8221;center&#8221; custom_padding=&#8221;30px|30px|30px|30px|true|true&#8221; text_orientation_tablet=&#8221;justified&#8221; text_orientation_phone=&#8221;justified&#8221; text_orientation_last_edited=&#8221;on|phone&#8221; global_colors_info=&#8221;{}&#8221;]<\/p>\n<h3>The Nature Conservancy of Canada (NCC) is grateful to the Orchestre de l\u2019Agora and its audience.<\/h3>\n<p>Your support has been essential to launching our campaign to protect and endow the Kenauk territory, a vast natural environment unique in Canada located between Montreal and Ottawa-Gatineau. Its ancient forests, deep lakes, and swift rivers are home to more than a hundred rare or endangered species. The long-term conservation of Kenauk is a priority as well as an important opportunity for scientific research and youth education. It is for youth access to nature that CNC has asked for your generosity to support the development of the Kenauk Institute, a charitable organization created to promote the site\u2019s mission for research and education.<\/p>\n<p>The generosity of the Orchestre allowed CNC and the Kenauk Institute to launch the campaign in 2022 and raise more than $20M to protect this territory and support research and environmental education programs for young people. Since then, more than 1000 ha of riverside habitat has been protected around Lake Papineau. The multi-university scientific program of the Kenauk Institute now includes a permanent watershed monitoring station by the Universit\u00e9 de Qu\u00e9bec \u00e0 Montr\u00e9al (UQAM). An astronomy observatory was also completed, and 170 students participated in educational programs in 2023. The Kenauk Institute will be able to offer more internships for young people and welcome more school groups in the future thanks to the benefits of the endowment campaign and the upcoming construction of a main pavilion.<\/p>\n<p>The Nature Conservancy of Canada (NCC) is the country\u2019s unifying force for nature. NCC seeks solutions to the twin crises of rapid biodiversity loss and climate change through large-scale, permanent land conservation. As a trusted partner, NCC works with people, communities, businesses, and government to protect and care for our country\u2019s most important natural areas.<br \/>Click on the following links to support the educational programs of the Kenauk Institute or to protect Quebec\u2019s natural sites with the Nature Conservancy of Canada.<\/p>\n<p>[\/et_pb_text][et_pb_button url_new_window=&#8221;on&#8221; button_text=&#8221;Official website&#8221; button_alignment=&#8221;center&#8221; _builder_version=&#8221;4.25.1&#8243; _module_preset=&#8221;default&#8221; global_colors_info=&#8221;{%22gcid-a21e3643-d084-4f24-a4f0-f97487e449f3%22:%91%22button_bg_color%22%93,%22gcid-65c824da-318f-4a3a-8869-ea7267d4a33e%22:%91%22button_bg_color%22%93}&#8221;][\/et_pb_button][\/et_pb_column][\/et_pb_row][\/et_pb_section][et_pb_section fb_built=&#8221;1&#8243; custom_padding_last_edited=&#8221;on|phone&#8221; disabled_on=&#8221;off|off|off&#8221; admin_label=&#8221;conservation nature canada&#8221; _builder_version=&#8221;4.25.1&#8243; _module_preset=&#8221;default&#8221; background_color=&#8221;gcid-eac34094-23de-471b-b938-6bfb4791f336&#8243; background_image=&#8221;https:\/\/galadelaterre.com\/wp-content\/uploads\/2024\/03\/siarraclub_bg_op.jpg&#8221; background_position=&#8221;top_left&#8221; background_vertical_offset=&#8221;58%&#8221; z_index=&#8221;52&#8243; custom_padding=&#8221;100px||100px||true|false&#8221; custom_padding_tablet=&#8221;50px|0px|50px|0px|true|true&#8221; custom_padding_phone=&#8221;20px|0px|20px|0px|true|true&#8221; border_width_bottom=&#8221;6px&#8221; border_color_bottom=&#8221;#FFFFFF&#8221; box_shadow_style=&#8221;preset3&#8243; global_colors_info=&#8221;{%22gcid-eac34094-23de-471b-b938-6bfb4791f336%22:%91%22background_color%22%93}&#8221;][et_pb_row use_custom_gutter=&#8221;on&#8221; make_equal=&#8221;on&#8221; custom_padding_last_edited=&#8221;on|phone&#8221; _builder_version=&#8221;4.25.0&#8243; _module_preset=&#8221;default&#8221; background_color=&#8221;gcid-81493cb4-482e-4a5a-97fe-926a2eb1476d&#8221; width=&#8221;60%&#8221; width_tablet=&#8221;90%&#8221; width_phone=&#8221;90%&#8221; width_last_edited=&#8221;on|desktop&#8221; max_width=&#8221;100%&#8221; custom_padding=&#8221;50px|50px|50px|50px|true|true&#8221; custom_padding_tablet=&#8221;40px|40px|40px|40px|true|true&#8221; custom_padding_phone=&#8221;20px|10px|20px|10px|true|true&#8221; box_shadow_style=&#8221;preset3&#8243; box_shadow_vertical=&#8221;20px&#8221; global_colors_info=&#8221;{%22gcid-81493cb4-482e-4a5a-97fe-926a2eb1476d%22:%91%22background_color%22,%22background_color%22%93}&#8221;][et_pb_column type=&#8221;4_4&#8243; _builder_version=&#8221;4.24.2&#8243; _module_preset=&#8221;default&#8221; custom_padding=&#8221;||||false|false&#8221; custom_css_main_element=&#8221;align-self:center;&#8221; global_colors_info=&#8221;{}&#8221;][et_pb_image src=&#8221;https:\/\/galadelaterre.com\/wp-content\/uploads\/2024\/03\/sierra_club_wbg.png&#8221; alt=&#8221;Conservation de la nature Canada&#8221; title_text=&#8221;sierra_club_wbg&#8221; url=&#8221;https:\/\/www.sierraclub.ca\/&#8221; align=&#8221;center&#8221; _builder_version=&#8221;4.25.1&#8243; _module_preset=&#8221;default&#8221; width=&#8221;100%&#8221; width_tablet=&#8221;100%&#8221; width_phone=&#8221;100%&#8221; width_last_edited=&#8221;on|desktop&#8221; max_width=&#8221;10%&#8221; max_width_tablet=&#8221;17%&#8221; max_width_phone=&#8221;29%&#8221; max_width_last_edited=&#8221;on|tablet&#8221; module_alignment=&#8221;center&#8221; custom_margin=&#8221;||||false|false&#8221; module_alignment_tablet=&#8221;center&#8221; module_alignment_phone=&#8221;center&#8221; module_alignment_last_edited=&#8221;on|phone&#8221; global_colors_info=&#8221;{}&#8221;][\/et_pb_image][et_pb_text _builder_version=&#8221;4.25.1&#8243; _module_preset=&#8221;default&#8221; max_width=&#8221;80%&#8221; max_width_tablet=&#8221;80%&#8221; max_width_phone=&#8221;80%&#8221; max_width_last_edited=&#8221;on|desktop&#8221; module_alignment=&#8221;center&#8221; global_colors_info=&#8221;{}&#8221;]<\/p>\n<h3 style=\"text-align: center;\">At Sierra Club Canada we want to extend our gratitude.<br \/>I hope you can see your impact is growing!<\/h3>\n<p style=\"text-align: center;\">Your gift is Uplifting!<\/p>\n<p>[\/et_pb_text][et_pb_text content_phone=&#8221;<\/p>\n<p>\u00e0<\/p>\n<p>&#8221; content_last_edited=&#8221;off|phone&#8221; module_class=&#8221;list_sierra_club&#8221; _builder_version=&#8221;4.25.1&#8243; _module_preset=&#8221;default&#8221; text_font_size=&#8221;14px&#8221; background_color=&#8221;#FFFFFF&#8221; text_orientation=&#8221;justified&#8221; width=&#8221;100%&#8221; max_width_tablet=&#8221;90%&#8221; max_width_phone=&#8221;90%&#8221; max_width_last_edited=&#8221;on|phone&#8221; module_alignment=&#8221;center&#8221; custom_padding=&#8221;30px|30px|30px|30px|true|true&#8221; hover_enabled=&#8221;0&#8243; text_orientation_tablet=&#8221;justified&#8221; text_orientation_phone=&#8221;justified&#8221; text_orientation_last_edited=&#8221;on|phone&#8221; custom_css_free_form=&#8221;.list_sierra_club li:first-child{padding-top:15px;}||.list_sierra_club li{padding-bottom:10px;}&#8221; global_colors_info=&#8221;{}&#8221; sticky_enabled=&#8221;0&#8243;]<\/p>\n<p><strong>Orchestra de l\u2019Agora\u2019s Gala de la Terre: Pour Les Enfants<\/strong> has enabled us to create more connections with nature for more children and youth. Through your support, we were able to provide programming into fall and winter seasons and reduce fees for families to make the program more accessible to more children. We also provided programming to LGBTQ2S youth and launched a new Wild Child leadership program for older youth to mentor new Wild Ones. You can learn more about our current projects on our Case for Support (attached).Student at Forrest School 2024.<\/p>\n<ul>\n<li>Our Wild Child Forest School and Outdoor Education programs provided <strong>60,000 hours outside for children and youth<\/strong> &#8211; that\u2019s equivalent to 6.8 years in the outdoors in total!<\/li>\n<li><strong>1350 children<\/strong> and youth participating in Wild Child in PEI, Nova Scotia, and Edmonton<\/li>\n<li><strong>311 the spots<\/strong> provided through our Prince Edward Island program were free to priority populations including 2SLGBTQ+ families, BIPOC families, kids with disabilities, and low-income families.<\/li>\n<li><strong>5 educators trained<\/strong> in Forest School Outdoor Education methodology so they can create more outdoor education opportunities<\/li>\n<li><strong>Launched the Wild Child Youth Leaders program,<\/strong> and programs for BIPOC and LGBTQ2E+ Youth aged 15-17 who wish to mentor others<\/li>\n<\/ul>\n<p>[\/et_pb_text][et_pb_button button_url=&#8221;https:\/\/www.sierraclub.ca&#8221; url_new_window=&#8221;on&#8221; button_text=&#8221;Official website&#8221; button_alignment=&#8221;center&#8221; _builder_version=&#8221;4.25.1&#8243; _module_preset=&#8221;default&#8221; global_colors_info=&#8221;{%22gcid-a21e3643-d084-4f24-a4f0-f97487e449f3%22:%91%22button_bg_color%22%93,%22gcid-65c824da-318f-4a3a-8869-ea7267d4a33e%22:%91%22button_bg_color%22%93}&#8221;][\/et_pb_button][\/et_pb_column][\/et_pb_row][\/et_pb_section][et_pb_section fb_built=&#8221;1&#8243; custom_padding_last_edited=&#8221;on|phone&#8221; admin_label=&#8221;conservation nature canada&#8221; _builder_version=&#8221;4.25.0&#8243; _module_preset=&#8221;default&#8221; background_color=&#8221;gcid-eac34094-23de-471b-b938-6bfb4791f336&#8243; background_image=&#8221;https:\/\/galadelaterre.com\/wp-content\/uploads\/2024\/04\/unicef-1.jpg&#8221; background_position=&#8221;top_left&#8221; background_vertical_offset=&#8221;58%&#8221; custom_padding=&#8221;100px||100px||true|false&#8221; custom_padding_tablet=&#8221;50px|0px|50px|0px|true|true&#8221; custom_padding_phone=&#8221;20px|0px|20px|0px|true|true&#8221; border_width_bottom=&#8221;6px&#8221; border_color_bottom=&#8221;#FFFFFF&#8221; box_shadow_style=&#8221;preset3&#8243; global_colors_info=&#8221;{%22gcid-eac34094-23de-471b-b938-6bfb4791f336%22:%91%22background_color%22%93}&#8221;][et_pb_row use_custom_gutter=&#8221;on&#8221; make_equal=&#8221;on&#8221; custom_padding_last_edited=&#8221;on|phone&#8221; _builder_version=&#8221;4.25.0&#8243; _module_preset=&#8221;default&#8221; background_color=&#8221;rgba(255,255,255,0.78)&#8221; width=&#8221;60%&#8221; width_tablet=&#8221;90%&#8221; width_phone=&#8221;90%&#8221; width_last_edited=&#8221;on|desktop&#8221; max_width=&#8221;100%&#8221; custom_padding=&#8221;50px|50px|50px|50px|true|true&#8221; custom_padding_tablet=&#8221;40px|40px|40px|40px|true|true&#8221; custom_padding_phone=&#8221;20px|10px|20px|10px|true|true&#8221; box_shadow_style=&#8221;preset3&#8243; box_shadow_vertical=&#8221;20px&#8221; global_colors_info=&#8221;{}&#8221;][et_pb_column type=&#8221;4_4&#8243; _builder_version=&#8221;4.24.2&#8243; _module_preset=&#8221;default&#8221; custom_padding=&#8221;||||false|false&#8221; custom_css_main_element=&#8221;align-self:center;&#8221; global_colors_info=&#8221;{}&#8221;][et_pb_image src=&#8221;https:\/\/galadelaterre.com\/wp-content\/uploads\/2024\/04\/unicef_canada.png&#8221; alt=&#8221;Unicef Canada&#8221; title_text=&#8221;Unicef Canada&#8221; url=&#8221;https:\/\/www.natureconservancy.ca\/en\/&#8221; align=&#8221;center&#8221; _builder_version=&#8221;4.25.0&#8243; _module_preset=&#8221;default&#8221; width=&#8221;100%&#8221; width_tablet=&#8221;100%&#8221; width_phone=&#8221;100%&#8221; width_last_edited=&#8221;on|desktop&#8221; max_width=&#8221;22%&#8221; max_width_tablet=&#8221;49%&#8221; max_width_phone=&#8221;70%&#8221; max_width_last_edited=&#8221;on|desktop&#8221; module_alignment=&#8221;center&#8221; custom_margin=&#8221;||||false|false&#8221; module_alignment_tablet=&#8221;center&#8221; module_alignment_phone=&#8221;center&#8221; module_alignment_last_edited=&#8221;on|phone&#8221; global_colors_info=&#8221;{}&#8221;][\/et_pb_image][et_pb_text _builder_version=&#8221;4.25.0&#8243; _module_preset=&#8221;default&#8221; header_text_align=&#8221;center&#8221; max_width=&#8221;80%&#8221; max_width_tablet=&#8221;80%&#8221; max_width_phone=&#8221;80%&#8221; max_width_last_edited=&#8221;on|desktop&#8221; module_alignment=&#8221;center&#8221; global_colors_info=&#8221;{}&#8221;]<\/p>\n<h1>A safe and clean environment for every child<\/h1>\n<p>[\/et_pb_text][et_pb_text content_tablet=&#8221;<\/p>\n<p>Conservation de la nature du Canada (CNC) est reconnaissant envers l\u2019Orchestre de l\u2019Agora et son public.<\/p>\n<p>Votre soutien a \u00e9t\u00e9 essentiel pour d\u00e9marrer une campagne de protection et de dotation du territoire de Kenauk, un vaste milieu naturel unique au Canada situ\u00e9 entre Montr\u00e9al et Ottawa-Gatineau. Ses for\u00eats anciennes, lacs profonds et rivi\u00e8res rapides abritent plus d\u2019une centaine d\u2019esp\u00e8ces rares ou menac\u00e9es. La conservation \u00e0 long-terme de Kenauk est une priorit\u00e9 et aussi une opportunit\u00e9 pour la recherche scientifique et l\u2019\u00e9ducation des jeunes. C\u2019est pour ces jeunes que CNC a sollicit\u00e9 votre g\u00e9n\u00e9rosit\u00e9 afin de soutenir le d\u00e9veloppement de l\u2019Institut Kenauk, un organisme de charit\u00e9 r\u00e9cemment cr\u00e9\u00e9 pour favoriser la recherche et l\u2019\u00e9ducation sur le site.<\/p>\n<p>La g\u00e9n\u00e9rosit\u00e9 de l\u2019Orchestre a permis \u00e0 CNC et l\u2019Institut Kenauk de lancer la campagne au cours de l\u2019ann\u00e9e 2022 et de recueillir plus de 20M$ afin de prot\u00e9ger ce territoire et soutenir les programmes de recherche et d\u2019\u00e9ducation environnementale pour les jeunes. Depuis, c\u2019est plus de 1000 ha d\u2019habitats riverains qui ont \u00e9t\u00e9 prot\u00e9g\u00e9s sur le pourtour du lac Papineau. Le programme scientifique pluriuniversitaire de l\u2019Institut Kenauk compte maintenant sur la mise en place d\u2019une station permanente de suivi du bassin versant par l\u2019UQAM. Un observatoire d\u2019astronomie a \u00e9t\u00e9 compl\u00e9t\u00e9 et 170 \u00e9tudiants ont particip\u00e9 \u00e0 divers programmes \u00e9ducatifs en 2023. L\u2019Institut Kenauk pourra offrir davantage de stages pour les jeunes et accueillir plus de groupes scolaires dans l\u2019avenir gr\u00e2ce aux retomb\u00e9es de la campagne de dotation et la construction prochaine d\u2019un pavillon principal.<\/p>\n<p>CNC est la force rassembleuse au pays pour la sauvegarde de la nature. Par la conservation permanente de vastes territoires, CNC apporte des solutions \u00e0 la double crise du d\u00e9clin rapide de la biodiversit\u00e9 et des changements climatiques. Partenaire de confiance, CNC \u0153uvre aux c\u00f4t\u00e9s de particuliers, de communaut\u00e9s, d\u2019entreprises et de gouvernements afin de prot\u00e9ger et veiller sur nos aires naturelles les plus importantes. Cliquez sur les liens suivants pour soutenir le programme \u00e9ducatif \u00e0 l\u2019Institut Kenauk ou pour prot\u00e9ger des sites naturels du Qu\u00e9bec avec Conservation de la nature Canada.<\/p>\n<p>&#8221; content_phone=&#8221;<\/p>\n<p>Conservation de la nature du Canada (CNC) est reconnaissant envers l\u2019Orchestre de l\u2019Agora et son public.<\/p>\n<p>Votre soutien a \u00e9t\u00e9 essentiel pour d\u00e9marrer une campagne de protection et de dotation du territoire de Kenauk, un vaste milieu naturel unique au Canada situ\u00e9 entre Montr\u00e9al et Ottawa-Gatineau. Ses for\u00eats anciennes, lacs profonds et rivi\u00e8res rapides abritent plus d\u2019une centaine d\u2019esp\u00e8ces rares ou menac\u00e9es. La conservation \u00e0 long-terme de Kenauk est une priorit\u00e9 et aussi une opportunit\u00e9 pour la recherche scientifique et l\u2019\u00e9ducation des jeunes. C\u2019est pour ces jeunes que CNC a sollicit\u00e9 votre g\u00e9n\u00e9rosit\u00e9 afin de soutenir le d\u00e9veloppement de l\u2019Institut Kenauk, un organisme de charit\u00e9 r\u00e9cemment cr\u00e9\u00e9 pour favoriser la recherche et l\u2019\u00e9ducation sur le site.<\/p>\n<p>La g\u00e9n\u00e9rosit\u00e9 de l\u2019Orchestre a permis \u00e0 CNC et l\u2019Institut Kenauk de lancer la campagne au cours de l\u2019ann\u00e9e 2022 et de recueillir plus de 20M$ afin de prot\u00e9ger ce territoire et soutenir les programmes de recherche et d\u2019\u00e9ducation environnementale pour les jeunes. Depuis, c\u2019est plus de 1000 ha d\u2019habitats riverains qui ont \u00e9t\u00e9 prot\u00e9g\u00e9s sur le pourtour du lac Papineau. Le programme scientifique pluriuniversitaire de l\u2019Institut Kenauk compte maintenant sur la mise en place d\u2019une station permanente de suivi du bassin versant par l\u2019UQAM. Un observatoire d\u2019astronomie a \u00e9t\u00e9 compl\u00e9t\u00e9 et 170 \u00e9tudiants ont particip\u00e9 \u00e0 divers programmes \u00e9ducatifs en 2023. L\u2019Institut Kenauk pourra offrir davantage de stages pour les jeunes et accueillir plus de groupes scolaires dans l\u2019avenir gr\u00e2ce aux retomb\u00e9es de la campagne de dotation et la construction prochaine d\u2019un pavillon principal.<\/p>\n<p>CNC est la force rassembleuse au pays pour la sauvegarde de la nature. Par la conservation permanente de vastes territoires, CNC apporte des solutions \u00e0 la double crise du d\u00e9clin rapide de la biodiversit\u00e9 et des changements climatiques. Partenaire de confiance, CNC \u0153uvre aux c\u00f4t\u00e9s de particuliers, de communaut\u00e9s, d\u2019entreprises et de gouvernements afin de prot\u00e9ger et veiller sur nos aires naturelles les plus importantes. Cliquez sur les liens suivants pour soutenir le programme \u00e9ducatif \u00e0 l\u2019Institut Kenauk ou pour prot\u00e9ger des sites naturels du Qu\u00e9bec avec Conservation de la nature Canada.<\/p>\n<p>&#8221; content_last_edited=&#8221;off|desktop&#8221; _builder_version=&#8221;4.25.0&#8243; _module_preset=&#8221;default&#8221; text_font_size=&#8221;14px&#8221; header_3_font=&#8221;Barlow Condensed|600||on|||||&#8221; header_3_line_height=&#8221;1.6em&#8221; background_color=&#8221;#FFFFFF&#8221; text_orientation=&#8221;justified&#8221; width=&#8221;100%&#8221; max_width_tablet=&#8221;90%&#8221; max_width_phone=&#8221;90%&#8221; max_width_last_edited=&#8221;on|phone&#8221; module_alignment=&#8221;center&#8221; custom_margin=&#8221;0px||0px||false|false&#8221; custom_padding=&#8221;30px|30px|30px|30px|false|true&#8221; text_orientation_tablet=&#8221;justified&#8221; text_orientation_phone=&#8221;justified&#8221; text_orientation_last_edited=&#8221;on|phone&#8221; global_colors_info=&#8221;{}&#8221;]<\/p>\n<h3>Report to Orchestre de l\u2019Agora, April 2024<\/h3>\n<p>UNICEF expresses its sincere gratitude to Orchestre de l\u2019Agora for your support toward a sustainable, safe and healthy environment for children. We look forward to ongoing opportunities to collaborate on our shared focus to prioritize children\u2019s environments and protect them from the effects of climate change. UNICEF has ramped up its climate, environment, energy, and disaster risk reduction (DRR) work to address the ever- increasing impacts on children and young people from climate change, environmental degradation, pollution, biodiversity loss and from all types of disasters. In 2022, we implemented child-sensitive programs in 69 countries, up from 37 in 2021. Below are two illustrations of how the support to the Safe and Clean Environment fund through the proceeds from Gala de la terre is making an impact for children<\/p>\n<p>[\/et_pb_text][et_pb_text content_tablet=&#8221;<\/p>\n<p>Conservation de la nature du Canada (CNC) est reconnaissant envers l\u2019Orchestre de l\u2019Agora et son public.<\/p>\n<p>Votre soutien a \u00e9t\u00e9 essentiel pour d\u00e9marrer une campagne de protection et de dotation du territoire de Kenauk, un vaste milieu naturel unique au Canada situ\u00e9 entre Montr\u00e9al et Ottawa-Gatineau. Ses for\u00eats anciennes, lacs profonds et rivi\u00e8res rapides abritent plus d\u2019une centaine d\u2019esp\u00e8ces rares ou menac\u00e9es. La conservation \u00e0 long-terme de Kenauk est une priorit\u00e9 et aussi une opportunit\u00e9 pour la recherche scientifique et l\u2019\u00e9ducation des jeunes. C\u2019est pour ces jeunes que CNC a sollicit\u00e9 votre g\u00e9n\u00e9rosit\u00e9 afin de soutenir le d\u00e9veloppement de l\u2019Institut Kenauk, un organisme de charit\u00e9 r\u00e9cemment cr\u00e9\u00e9 pour favoriser la recherche et l\u2019\u00e9ducation sur le site.<\/p>\n<p>La g\u00e9n\u00e9rosit\u00e9 de l\u2019Orchestre a permis \u00e0 CNC et l\u2019Institut Kenauk de lancer la campagne au cours de l\u2019ann\u00e9e 2022 et de recueillir plus de 20M$ afin de prot\u00e9ger ce territoire et soutenir les programmes de recherche et d\u2019\u00e9ducation environnementale pour les jeunes. Depuis, c\u2019est plus de 1000 ha d\u2019habitats riverains qui ont \u00e9t\u00e9 prot\u00e9g\u00e9s sur le pourtour du lac Papineau. Le programme scientifique pluriuniversitaire de l\u2019Institut Kenauk compte maintenant sur la mise en place d\u2019une station permanente de suivi du bassin versant par l\u2019UQAM. Un observatoire d\u2019astronomie a \u00e9t\u00e9 compl\u00e9t\u00e9 et 170 \u00e9tudiants ont particip\u00e9 \u00e0 divers programmes \u00e9ducatifs en 2023. L\u2019Institut Kenauk pourra offrir davantage de stages pour les jeunes et accueillir plus de groupes scolaires dans l\u2019avenir gr\u00e2ce aux retomb\u00e9es de la campagne de dotation et la construction prochaine d\u2019un pavillon principal.<\/p>\n<p>CNC est la force rassembleuse au pays pour la sauvegarde de la nature. Par la conservation permanente de vastes territoires, CNC apporte des solutions \u00e0 la double crise du d\u00e9clin rapide de la biodiversit\u00e9 et des changements climatiques. Partenaire de confiance, CNC \u0153uvre aux c\u00f4t\u00e9s de particuliers, de communaut\u00e9s, d\u2019entreprises et de gouvernements afin de prot\u00e9ger et veiller sur nos aires naturelles les plus importantes. Cliquez sur les liens suivants pour soutenir le programme \u00e9ducatif \u00e0 l\u2019Institut Kenauk ou pour prot\u00e9ger des sites naturels du Qu\u00e9bec avec Conservation de la nature Canada.<\/p>\n<p>&#8221; content_phone=&#8221;<\/p>\n<p>Conservation de la nature du Canada (CNC) est reconnaissant envers l\u2019Orchestre de l\u2019Agora et son public.<\/p>\n<p>Votre soutien a \u00e9t\u00e9 essentiel pour d\u00e9marrer une campagne de protection et de dotation du territoire de Kenauk, un vaste milieu naturel unique au Canada situ\u00e9 entre Montr\u00e9al et Ottawa-Gatineau. Ses for\u00eats anciennes, lacs profonds et rivi\u00e8res rapides abritent plus d\u2019une centaine d\u2019esp\u00e8ces rares ou menac\u00e9es. La conservation \u00e0 long-terme de Kenauk est une priorit\u00e9 et aussi une opportunit\u00e9 pour la recherche scientifique et l\u2019\u00e9ducation des jeunes. C\u2019est pour ces jeunes que CNC a sollicit\u00e9 votre g\u00e9n\u00e9rosit\u00e9 afin de soutenir le d\u00e9veloppement de l\u2019Institut Kenauk, un organisme de charit\u00e9 r\u00e9cemment cr\u00e9\u00e9 pour favoriser la recherche et l\u2019\u00e9ducation sur le site.<\/p>\n<p>La g\u00e9n\u00e9rosit\u00e9 de l\u2019Orchestre a permis \u00e0 CNC et l\u2019Institut Kenauk de lancer la campagne au cours de l\u2019ann\u00e9e 2022 et de recueillir plus de 20M$ afin de prot\u00e9ger ce territoire et soutenir les programmes de recherche et d\u2019\u00e9ducation environnementale pour les jeunes. Depuis, c\u2019est plus de 1000 ha d\u2019habitats riverains qui ont \u00e9t\u00e9 prot\u00e9g\u00e9s sur le pourtour du lac Papineau. Le programme scientifique pluriuniversitaire de l\u2019Institut Kenauk compte maintenant sur la mise en place d\u2019une station permanente de suivi du bassin versant par l\u2019UQAM. Un observatoire d\u2019astronomie a \u00e9t\u00e9 compl\u00e9t\u00e9 et 170 \u00e9tudiants ont particip\u00e9 \u00e0 divers programmes \u00e9ducatifs en 2023. L\u2019Institut Kenauk pourra offrir davantage de stages pour les jeunes et accueillir plus de groupes scolaires dans l\u2019avenir gr\u00e2ce aux retomb\u00e9es de la campagne de dotation et la construction prochaine d\u2019un pavillon principal.<\/p>\n<p>CNC est la force rassembleuse au pays pour la sauvegarde de la nature. Par la conservation permanente de vastes territoires, CNC apporte des solutions \u00e0 la double crise du d\u00e9clin rapide de la biodiversit\u00e9 et des changements climatiques. Partenaire de confiance, CNC \u0153uvre aux c\u00f4t\u00e9s de particuliers, de communaut\u00e9s, d\u2019entreprises et de gouvernements afin de prot\u00e9ger et veiller sur nos aires naturelles les plus importantes. Cliquez sur les liens suivants pour soutenir le programme \u00e9ducatif \u00e0 l\u2019Institut Kenauk ou pour prot\u00e9ger des sites naturels du Qu\u00e9bec avec Conservation de la nature Canada.<\/p>\n<p>&#8221; content_last_edited=&#8221;off|desktop&#8221; _builder_version=&#8221;4.25.0&#8243; _module_preset=&#8221;default&#8221; text_font_size=&#8221;14px&#8221; header_3_font=&#8221;Barlow Condensed|600||on|||||&#8221; header_3_line_height=&#8221;1.6em&#8221; background_color=&#8221;#FFFFFF&#8221; text_orientation=&#8221;justified&#8221; width=&#8221;100%&#8221; max_width_tablet=&#8221;90%&#8221; max_width_phone=&#8221;90%&#8221; max_width_last_edited=&#8221;on|phone&#8221; module_alignment=&#8221;center&#8221; custom_margin=&#8221;0px||0px||true|false&#8221; custom_padding=&#8221;30px|30px|30px|30px|true|true&#8221; text_orientation_tablet=&#8221;justified&#8221; text_orientation_phone=&#8221;justified&#8221; text_orientation_last_edited=&#8221;on|phone&#8221; global_colors_info=&#8221;{}&#8221;]<\/p>\n<h3>Early detection of groundwater depletion in Madagascar<\/h3>\n<p>The lack of rainfall and other environmental factors have affected the vegetation and agricultural production, leaving many facing severe hunger. The high levels of food insecurity have already pushed hundreds to migrate and will cause an estimated 479,000 children under 5 years of age to suffer from acute malnutrition.<\/p>\n<p>To predict the risks of droughts, UNICEF, in collaboration with partners, developed a Groundwater Early Warning System (GEWS). Thanks to this system, it is now possible to provide early warnings of drought for better and more proactive responses, and to improve planning for drought adaptation practices, such as water trucking. UNICEF is currently expanding the groundwater mapping so all new water points have online reporting capability.<\/p>\n<p>[\/et_pb_text][et_pb_text content_tablet=&#8221;<\/p>\n<p>Conservation de la nature du Canada (CNC) est reconnaissant envers l\u2019Orchestre de l\u2019Agora et son public.<\/p>\n<p>Votre soutien a \u00e9t\u00e9 essentiel pour d\u00e9marrer une campagne de protection et de dotation du territoire de Kenauk, un vaste milieu naturel unique au Canada situ\u00e9 entre Montr\u00e9al et Ottawa-Gatineau. Ses for\u00eats anciennes, lacs profonds et rivi\u00e8res rapides abritent plus d\u2019une centaine d\u2019esp\u00e8ces rares ou menac\u00e9es. La conservation \u00e0 long-terme de Kenauk est une priorit\u00e9 et aussi une opportunit\u00e9 pour la recherche scientifique et l\u2019\u00e9ducation des jeunes. C\u2019est pour ces jeunes que CNC a sollicit\u00e9 votre g\u00e9n\u00e9rosit\u00e9 afin de soutenir le d\u00e9veloppement de l\u2019Institut Kenauk, un organisme de charit\u00e9 r\u00e9cemment cr\u00e9\u00e9 pour favoriser la recherche et l\u2019\u00e9ducation sur le site.<\/p>\n<p>La g\u00e9n\u00e9rosit\u00e9 de l\u2019Orchestre a permis \u00e0 CNC et l\u2019Institut Kenauk de lancer la campagne au cours de l\u2019ann\u00e9e 2022 et de recueillir plus de 20M$ afin de prot\u00e9ger ce territoire et soutenir les programmes de recherche et d\u2019\u00e9ducation environnementale pour les jeunes. Depuis, c\u2019est plus de 1000 ha d\u2019habitats riverains qui ont \u00e9t\u00e9 prot\u00e9g\u00e9s sur le pourtour du lac Papineau. Le programme scientifique pluriuniversitaire de l\u2019Institut Kenauk compte maintenant sur la mise en place d\u2019une station permanente de suivi du bassin versant par l\u2019UQAM. Un observatoire d\u2019astronomie a \u00e9t\u00e9 compl\u00e9t\u00e9 et 170 \u00e9tudiants ont particip\u00e9 \u00e0 divers programmes \u00e9ducatifs en 2023. L\u2019Institut Kenauk pourra offrir davantage de stages pour les jeunes et accueillir plus de groupes scolaires dans l\u2019avenir gr\u00e2ce aux retomb\u00e9es de la campagne de dotation et la construction prochaine d\u2019un pavillon principal.<\/p>\n<p>CNC est la force rassembleuse au pays pour la sauvegarde de la nature. Par la conservation permanente de vastes territoires, CNC apporte des solutions \u00e0 la double crise du d\u00e9clin rapide de la biodiversit\u00e9 et des changements climatiques. Partenaire de confiance, CNC \u0153uvre aux c\u00f4t\u00e9s de particuliers, de communaut\u00e9s, d\u2019entreprises et de gouvernements afin de prot\u00e9ger et veiller sur nos aires naturelles les plus importantes. Cliquez sur les liens suivants pour soutenir le programme \u00e9ducatif \u00e0 l\u2019Institut Kenauk ou pour prot\u00e9ger des sites naturels du Qu\u00e9bec avec Conservation de la nature Canada.<\/p>\n<p>&#8221; content_phone=&#8221;<\/p>\n<p>Conservation de la nature du Canada (CNC) est reconnaissant envers l\u2019Orchestre de l\u2019Agora et son public.<\/p>\n<p>Votre soutien a \u00e9t\u00e9 essentiel pour d\u00e9marrer une campagne de protection et de dotation du territoire de Kenauk, un vaste milieu naturel unique au Canada situ\u00e9 entre Montr\u00e9al et Ottawa-Gatineau. Ses for\u00eats anciennes, lacs profonds et rivi\u00e8res rapides abritent plus d\u2019une centaine d\u2019esp\u00e8ces rares ou menac\u00e9es. La conservation \u00e0 long-terme de Kenauk est une priorit\u00e9 et aussi une opportunit\u00e9 pour la recherche scientifique et l\u2019\u00e9ducation des jeunes. C\u2019est pour ces jeunes que CNC a sollicit\u00e9 votre g\u00e9n\u00e9rosit\u00e9 afin de soutenir le d\u00e9veloppement de l\u2019Institut Kenauk, un organisme de charit\u00e9 r\u00e9cemment cr\u00e9\u00e9 pour favoriser la recherche et l\u2019\u00e9ducation sur le site.<\/p>\n<p>La g\u00e9n\u00e9rosit\u00e9 de l\u2019Orchestre a permis \u00e0 CNC et l\u2019Institut Kenauk de lancer la campagne au cours de l\u2019ann\u00e9e 2022 et de recueillir plus de 20M$ afin de prot\u00e9ger ce territoire et soutenir les programmes de recherche et d\u2019\u00e9ducation environnementale pour les jeunes. Depuis, c\u2019est plus de 1000 ha d\u2019habitats riverains qui ont \u00e9t\u00e9 prot\u00e9g\u00e9s sur le pourtour du lac Papineau. Le programme scientifique pluriuniversitaire de l\u2019Institut Kenauk compte maintenant sur la mise en place d\u2019une station permanente de suivi du bassin versant par l\u2019UQAM. Un observatoire d\u2019astronomie a \u00e9t\u00e9 compl\u00e9t\u00e9 et 170 \u00e9tudiants ont particip\u00e9 \u00e0 divers programmes \u00e9ducatifs en 2023. L\u2019Institut Kenauk pourra offrir davantage de stages pour les jeunes et accueillir plus de groupes scolaires dans l\u2019avenir gr\u00e2ce aux retomb\u00e9es de la campagne de dotation et la construction prochaine d\u2019un pavillon principal.<\/p>\n<p>CNC est la force rassembleuse au pays pour la sauvegarde de la nature. Par la conservation permanente de vastes territoires, CNC apporte des solutions \u00e0 la double crise du d\u00e9clin rapide de la biodiversit\u00e9 et des changements climatiques. Partenaire de confiance, CNC \u0153uvre aux c\u00f4t\u00e9s de particuliers, de communaut\u00e9s, d\u2019entreprises et de gouvernements afin de prot\u00e9ger et veiller sur nos aires naturelles les plus importantes. Cliquez sur les liens suivants pour soutenir le programme \u00e9ducatif \u00e0 l\u2019Institut Kenauk ou pour prot\u00e9ger des sites naturels du Qu\u00e9bec avec Conservation de la nature Canada.<\/p>\n<p>&#8221; content_last_edited=&#8221;off|desktop&#8221; _builder_version=&#8221;4.25.0&#8243; _module_preset=&#8221;default&#8221; text_font_size=&#8221;14px&#8221; header_3_font=&#8221;Barlow Condensed|600||on|||||&#8221; header_3_line_height=&#8221;1.6em&#8221; background_color=&#8221;#FFFFFF&#8221; text_orientation=&#8221;justified&#8221; width=&#8221;100%&#8221; max_width_tablet=&#8221;90%&#8221; max_width_phone=&#8221;90%&#8221; max_width_last_edited=&#8221;on|phone&#8221; module_alignment=&#8221;center&#8221; custom_margin=&#8221;0px||||false|false&#8221; custom_padding=&#8221;30px|30px|30px|30px|true|true&#8221; text_orientation_tablet=&#8221;justified&#8221; text_orientation_phone=&#8221;justified&#8221; text_orientation_last_edited=&#8221;on|phone&#8221; global_colors_info=&#8221;{}&#8221;]<\/p>\n<h3>Child-centered DRR work in Nepal<\/h3>\n<p>Nepal is highly prone to flooding, landslides, and other disasters, and children and young people are affected disproportionally. UNICEF has been working with government partners on child-centered DRR since 2013 at national and subnational levels, including promoting the meaningful participation of children and young people in DRR and climate change adaptation decision-making processes.<\/p>\n<p>Significant progress has been made in 12 highly vulnerable districts. This includes the formation of over 240 DRR and school safety child clubs, and the embedding of child-centered DRR into 23 municipal disaster management policies and plans.<\/p>\n<p>[\/et_pb_text][et_pb_button button_url=&#8221;https:\/\/www.unicef.ca\/fr&#8221; url_new_window=&#8221;on&#8221; button_text=&#8221;Official website&#8221; button_alignment=&#8221;center&#8221; _builder_version=&#8221;4.25.0&#8243; _module_preset=&#8221;default&#8221; global_colors_info=&#8221;{%22gcid-a21e3643-d084-4f24-a4f0-f97487e449f3%22:%91%22button_bg_color%22%93,%22gcid-65c824da-318f-4a3a-8869-ea7267d4a33e%22:%91%22button_bg_color%22%93}&#8221;][\/et_pb_button][\/et_pb_column][\/et_pb_row][\/et_pb_section][et_pb_section fb_built=&#8221;1&#8243; custom_padding_last_edited=&#8221;on|phone&#8221; _builder_version=&#8221;4.25.0&#8243; _module_preset=&#8221;default&#8221; background_enable_color=&#8221;off&#8221; background_image=&#8221;https:\/\/galadelaterre.com\/wp-content\/uploads\/2024\/03\/bg_concert.jpg&#8221; background_position=&#8221;top_center&#8221; z_index=&#8221;9&#8243; custom_padding=&#8221;100px||100px||true|false&#8221; custom_padding_tablet=&#8221;50px|0px|50px|0px|true|true&#8221; custom_padding_phone=&#8221;20px|0px|20px|0px|true|true&#8221; border_color_top=&#8221;#FFFFFF&#8221; border_width_bottom=&#8221;6px&#8221; border_color_bottom=&#8221;#FFFFFF&#8221; box_shadow_style=&#8221;preset3&#8243; global_colors_info=&#8221;{}&#8221;][et_pb_row use_custom_gutter=&#8221;on&#8221; make_equal=&#8221;on&#8221; custom_padding_last_edited=&#8221;on|phone&#8221; _builder_version=&#8221;4.24.2&#8243; _module_preset=&#8221;default&#8221; background_color=&#8221;gcid-81493cb4-482e-4a5a-97fe-926a2eb1476d&#8221; width=&#8221;60%&#8221; width_tablet=&#8221;90%&#8221; width_phone=&#8221;90%&#8221; width_last_edited=&#8221;on|desktop&#8221; max_width=&#8221;100%&#8221; custom_padding=&#8221;50px|50px|50px|50px|true|true&#8221; custom_padding_tablet=&#8221;40px|40px|40px|40px|true|true&#8221; custom_padding_phone=&#8221;20px|10px|20px|10px|true|true&#8221; box_shadow_style=&#8221;preset3&#8243; box_shadow_vertical=&#8221;20px&#8221; global_colors_info=&#8221;{%22gcid-81493cb4-482e-4a5a-97fe-926a2eb1476d%22:%91%22background_color%22,%22background_color%22,%22background_color%22,%22background_color%22%93}&#8221;][et_pb_column type=&#8221;4_4&#8243; _builder_version=&#8221;4.24.2&#8243; _module_preset=&#8221;default&#8221; custom_padding=&#8221;||||false|false&#8221; custom_css_main_element=&#8221;align-self:center;&#8221; global_colors_info=&#8221;{}&#8221;][et_pb_video src=&#8221;https:\/\/www.youtube.com\/watch?v=Zo-AJzxWx04&#8243; src_tablet=&#8221;https:\/\/www.youtube.com\/watch?v=Zo-AJzxWx04&#8243; src_phone=&#8221;https:\/\/www.youtube.com\/watch?v=Zo-AJzxWx04&#8243; src_last_edited=&#8221;on|phone&#8221; _builder_version=&#8221;4.24.3&#8243; _module_preset=&#8221;default&#8221; max_width=&#8221;100%&#8221; max_width_tablet=&#8221;100%&#8221; max_width_phone=&#8221;90%&#8221; max_width_last_edited=&#8221;on|phone&#8221; module_alignment=&#8221;center&#8221; custom_margin=&#8221;||50px||false|false&#8221; custom_margin_tablet=&#8221;||50px||false|false&#8221; custom_margin_phone=&#8221;||20px||false|false&#8221; custom_margin_last_edited=&#8221;on|desktop&#8221; box_shadow_style=&#8221;preset3&#8243; box_shadow_vertical=&#8221;18px&#8221; locked=&#8221;off&#8221; global_colors_info=&#8221;{}&#8221;][\/et_pb_video][et_pb_text content_tablet=&#8221;<\/p>\n<p style=%22text-align: justify;%22>Presented by Canimex, in collaboration with Age of Union, this event brought together personalities from the world of business, art, the environment and different horizons around a common goal: to support children and the environment, in this time of climate crisis.<\/p>\n<p style=%22text-align: justify;%22>Thanks to Bita Cattelan and Nicolas Ellis for successfully co-hosting the Gala. Thank you to our honorary president Dax Dasilva, as well as to our two ambassadors Bernard Voyer and Pascale Bourbeau.<\/p>\n<p style=%22text-align: justify;%22>Congratulations to contraltist Marie-Nicole Lemieux and all the artists gathered on stage for their wonderful performance of Mahler\u2019s 3rd Symphony!<\/p>\n<p style=%22text-align: justify;%22>Finally, we would like to thank the public, partners and donors who, by their presence, faithful support and valuable contribution, made possible the realization of this Gala.<\/p>\n<p>&#8221; content_phone=&#8221;<\/p>\n<p>Presented by Canimex, in collaboration with Age of Union, this event brought together personalities from the world of business, art, the environment and different horizons around a common goal: to support children and the environment, in this time of climate crisis.<\/p>\n<p>Thanks to Bita Cattelan and Nicolas Ellis for successfully co-hosting the Gala. Thank you to our honorary president Dax Dasilva, as well as to our two ambassadors Bernard Voyer and Pascale Bourbeau.<\/p>\n<p>Congratulations to contraltist Marie-Nicole Lemieux and all the artists gathered on stage for their wonderful performance of Mahler\u2019s 3rd Symphony!<\/p>\n<p>Finally, we would like to thank the public, partners and donors who, by their presence, faithful support and valuable contribution, made possible the realization of this Gala.<\/p>\n<p>&#8221; content_last_edited=&#8221;on|phone&#8221; _builder_version=&#8221;4.25.0&#8243; _module_preset=&#8221;default&#8221; text_font_size=&#8221;14px&#8221; background_color=&#8221;#FFFFFF&#8221; text_orientation=&#8221;center&#8221; width=&#8221;100%&#8221; max_width_tablet=&#8221;90%&#8221; max_width_phone=&#8221;90%&#8221; max_width_last_edited=&#8221;on|phone&#8221; module_alignment=&#8221;center&#8221; custom_padding=&#8221;30px|30px|30px|30px|true|true&#8221; text_orientation_tablet=&#8221;center&#8221; text_orientation_phone=&#8221;justified&#8221; text_orientation_last_edited=&#8221;on|phone&#8221; global_colors_info=&#8221;{}&#8221;]<\/p>\n<p style=\"text-align: justify;\">Presented by Canimex, in collaboration with Age of Union, this event brought together personalities from the world of business, art, the environment and different horizons around a common goal: to support children and the environment, in this time of climate crisis.<\/p>\n<p style=\"text-align: justify;\">Thanks to Bita Cattelan and Nicolas Ellis for successfully co-hosting the Gala. Thank you to our honorary president Dax Dasilva, as well as to our two ambassadors Bernard Voyer and Pascale Bourbeau.<\/p>\n<p style=\"text-align: justify;\">Congratulations to contraltist Marie-Nicole Lemieux and all the artists gathered on stage for their wonderful performance of Mahler\u2019s 3rd Symphony!<\/p>\n<p style=\"text-align: justify;\">Finally, we would like to thank the public, partners and donors who, by their presence, faithful support and valuable contribution, made possible the realization of this Gala.<\/p>\n<p>[\/et_pb_text][et_pb_button button_url=&#8221;https:\/\/galadelaterre.com\/wp-content\/uploads\/2024\/04\/programme_gala_2022_en.pdf&#8221; url_new_window=&#8221;on&#8221; button_text=&#8221;Program&#8221; button_alignment=&#8221;center&#8221; _builder_version=&#8221;4.24.3&#8243; _module_preset=&#8221;default&#8221; global_colors_info=&#8221;{%22gcid-a21e3643-d084-4f24-a4f0-f97487e449f3%22:%91%22button_bg_color%22%93,%22gcid-65c824da-318f-4a3a-8869-ea7267d4a33e%22:%91%22button_bg_color%22%93}&#8221;][\/et_pb_button][\/et_pb_column][\/et_pb_row][\/et_pb_section][et_pb_section fb_built=&#8221;1&#8243; _builder_version=&#8221;4.25.0&#8243; _module_preset=&#8221;default&#8221; background_color=&#8221;gcid-eac34094-23de-471b-b938-6bfb4791f336&#8243; z_index=&#8221;8&#8243; box_shadow_style=&#8221;preset3&#8243; global_colors_info=&#8221;{%22gcid-eac34094-23de-471b-b938-6bfb4791f336%22:%91%22background_color%22%93}&#8221;][et_pb_row _builder_version=&#8221;4.24.2&#8243; _module_preset=&#8221;default&#8221; global_colors_info=&#8221;{}&#8221;][et_pb_column type=&#8221;4_4&#8243; _builder_version=&#8221;4.24.2&#8243; _module_preset=&#8221;default&#8221; global_colors_info=&#8221;{}&#8221;][dsm_masonry_gallery gallery_ids=&#8221;308434,308435,308436,308437,308438,308439&#8243; lazyload=&#8221;on&#8221; dsm_sort_images=&#8221;off&#8221; use_overlay=&#8221;on&#8221; overlay_title=&#8221;off&#8221; overlay_caption=&#8221;off&#8221; overlay_description=&#8221;off&#8221; use_lightbox=&#8221;on&#8221; overlay_color=&#8221;gcid-da680575-23c4-4590-81f9-f03f32484115&#8243; use_horizontal_order=&#8221;off&#8221; _builder_version=&#8221;4.25.0&#8243; _module_preset=&#8221;default&#8221; global_colors_info=&#8221;{%22gcid-da680575-23c4-4590-81f9-f03f32484115%22:%91%22overlay_color%22%93}&#8221;][\/dsm_masonry_gallery][et_pb_text _builder_version=&#8221;4.24.2&#8243; _module_preset=&#8221;default&#8221; global_colors_info=&#8221;{}&#8221;]<\/p>\n<p style=\"text-align: center;\">Photos by Ludovic Rolland-Marcotte<\/p>\n<p>[\/et_pb_text][\/et_pb_column][\/et_pb_row][\/et_pb_section]<\/p>\n","protected":false},"excerpt":{"rendered":"<p>This fundraiser built around Mahler\u2019s 3rd Symphony, with more than 200 musicians and choristers on stage under the direction of conductor Nicolas Ellis, helped to raise255 000 $to support Nature Conservancy of Canada, Sierra Club Foundation Canada and UNICEF Canadathanks to our partnersbeneficiary organisations\u2018All of the paths that we travel build our lives; those we [&hellip;]<\/p>\n","protected":false},"author":1,"featured_media":0,"parent":0,"menu_order":0,"comment_status":"closed","ping_status":"closed","template":"","meta":{"_et_pb_use_builder":"on","_et_pb_old_content":"<!-- wp:divi\/placeholder \/-->","_et_gb_content_width":"","inline_featured_image":false,"footnotes":""},"class_list":["post-308469","page","type-page","status-publish","hentry"],"yoast_head":"<!-- This site is optimized with the Yoast SEO plugin v27.3 - https:\/\/yoast.com\/product\/yoast-seo-wordpress\/ -->\n<title>2022 edition &#8212; Gala de la Terre<\/title>\n<meta name=\"description\" content=\"Gala de la Terre 2022 edition\" \/>\n<meta name=\"robots\" content=\"index, follow, max-snippet:-1, max-image-preview:large, max-video-preview:-1\" \/>\n<link rel=\"canonical\" href=\"https:\/\/galadelaterre.com\/en\/edition-2022\/\" \/>\n<meta property=\"og:locale\" content=\"en_US\" \/>\n<meta property=\"og:type\" content=\"article\" \/>\n<meta property=\"og:title\" content=\"2022 edition &#8212; Gala de la Terre\" \/>\n<meta property=\"og:description\" content=\"Gala de la Terre 2022 edition\" \/>\n<meta property=\"og:url\" content=\"https:\/\/galadelaterre.com\/en\/edition-2022\/\" \/>\n<meta property=\"og:site_name\" content=\"Gala de la Terre\" \/>\n<meta property=\"article:publisher\" content=\"https:\/\/www.facebook.com\/OrchestreAgora\/\" \/>\n<meta property=\"article:modified_time\" content=\"2024-05-19T12:46:50+00:00\" \/>\n<meta property=\"og:image\" content=\"https:\/\/galadelaterre.com\/wp-content\/uploads\/2024\/03\/logo_gdt.png\" \/>\n\t<meta property=\"og:image:width\" content=\"900\" \/>\n\t<meta property=\"og:image:height\" content=\"511\" \/>\n\t<meta property=\"og:image:type\" content=\"image\/png\" \/>\n<meta name=\"twitter:card\" content=\"summary_large_image\" \/>\n<meta name=\"twitter:site\" content=\"@OrchestreAgora\" \/>\n<meta name=\"twitter:label1\" content=\"Est. reading time\" \/>\n\t<meta name=\"twitter:data1\" content=\"41 minutes\" \/>\n<script type=\"application\/ld+json\" class=\"yoast-schema-graph\">{\"@context\":\"https:\\\/\\\/schema.org\",\"@graph\":[{\"@type\":\"WebPage\",\"@id\":\"https:\\\/\\\/galadelaterre.com\\\/en\\\/edition-2022\\\/\",\"url\":\"https:\\\/\\\/galadelaterre.com\\\/en\\\/edition-2022\\\/\",\"name\":\"2022 edition &#8212; Gala de la Terre\",\"isPartOf\":{\"@id\":\"https:\\\/\\\/galadelaterre.com\\\/en\\\/#website\"},\"datePublished\":\"2024-03-20T01:12:05+00:00\",\"dateModified\":\"2024-05-19T12:46:50+00:00\",\"description\":\"Gala de la Terre 2022 edition\",\"breadcrumb\":{\"@id\":\"https:\\\/\\\/galadelaterre.com\\\/en\\\/edition-2022\\\/#breadcrumb\"},\"inLanguage\":\"en-US\",\"potentialAction\":[{\"@type\":\"ReadAction\",\"target\":[\"https:\\\/\\\/galadelaterre.com\\\/en\\\/edition-2022\\\/\"]}]},{\"@type\":\"BreadcrumbList\",\"@id\":\"https:\\\/\\\/galadelaterre.com\\\/en\\\/edition-2022\\\/#breadcrumb\",\"itemListElement\":[{\"@type\":\"ListItem\",\"position\":1,\"name\":\"Accueil\",\"item\":\"https:\\\/\\\/galadelaterre.com\\\/en\\\/\"},{\"@type\":\"ListItem\",\"position\":2,\"name\":\"2022 edition\"}]},{\"@type\":\"WebSite\",\"@id\":\"https:\\\/\\\/galadelaterre.com\\\/en\\\/#website\",\"url\":\"https:\\\/\\\/galadelaterre.com\\\/en\\\/\",\"name\":\"Gala de la Terre\",\"description\":\"\u00c9dition 2026\",\"publisher\":{\"@id\":\"https:\\\/\\\/galadelaterre.com\\\/en\\\/#organization\"},\"alternateName\":\"Gala de la Terre\",\"potentialAction\":[{\"@type\":\"SearchAction\",\"target\":{\"@type\":\"EntryPoint\",\"urlTemplate\":\"https:\\\/\\\/galadelaterre.com\\\/en\\\/?s={search_term_string}\"},\"query-input\":{\"@type\":\"PropertyValueSpecification\",\"valueRequired\":true,\"valueName\":\"search_term_string\"}}],\"inLanguage\":\"en-US\"},{\"@type\":\"Organization\",\"@id\":\"https:\\\/\\\/galadelaterre.com\\\/en\\\/#organization\",\"name\":\"Gala de la Terre\",\"alternateName\":\"Gala de la Terre\",\"url\":\"https:\\\/\\\/galadelaterre.com\\\/en\\\/\",\"logo\":{\"@type\":\"ImageObject\",\"inLanguage\":\"en-US\",\"@id\":\"https:\\\/\\\/galadelaterre.com\\\/en\\\/#\\\/schema\\\/logo\\\/image\\\/\",\"url\":\"https:\\\/\\\/galadelaterre.com\\\/wp-content\\\/uploads\\\/2024\\\/03\\\/logo_gdt.png\",\"contentUrl\":\"https:\\\/\\\/galadelaterre.com\\\/wp-content\\\/uploads\\\/2024\\\/03\\\/logo_gdt.png\",\"width\":900,\"height\":511,\"caption\":\"Gala de la Terre\"},\"image\":{\"@id\":\"https:\\\/\\\/galadelaterre.com\\\/en\\\/#\\\/schema\\\/logo\\\/image\\\/\"},\"sameAs\":[\"https:\\\/\\\/www.facebook.com\\\/OrchestreAgora\\\/\",\"https:\\\/\\\/x.com\\\/OrchestreAgora\"]}]}<\/script>\n<!-- \/ Yoast SEO plugin. -->","yoast_head_json":{"title":"2022 edition &#8212; Gala de la Terre","description":"Gala de la Terre 2022 edition","robots":{"index":"index","follow":"follow","max-snippet":"max-snippet:-1","max-image-preview":"max-image-preview:large","max-video-preview":"max-video-preview:-1"},"canonical":"https:\/\/galadelaterre.com\/en\/edition-2022\/","og_locale":"en_US","og_type":"article","og_title":"2022 edition &#8212; Gala de la Terre","og_description":"Gala de la Terre 2022 edition","og_url":"https:\/\/galadelaterre.com\/en\/edition-2022\/","og_site_name":"Gala de la Terre","article_publisher":"https:\/\/www.facebook.com\/OrchestreAgora\/","article_modified_time":"2024-05-19T12:46:50+00:00","og_image":[{"width":900,"height":511,"url":"https:\/\/galadelaterre.com\/wp-content\/uploads\/2024\/03\/logo_gdt.png","type":"image\/png"}],"twitter_card":"summary_large_image","twitter_site":"@OrchestreAgora","twitter_misc":{"Est. reading time":"41 minutes"},"schema":{"@context":"https:\/\/schema.org","@graph":[{"@type":"WebPage","@id":"https:\/\/galadelaterre.com\/en\/edition-2022\/","url":"https:\/\/galadelaterre.com\/en\/edition-2022\/","name":"2022 edition &#8212; Gala de la Terre","isPartOf":{"@id":"https:\/\/galadelaterre.com\/en\/#website"},"datePublished":"2024-03-20T01:12:05+00:00","dateModified":"2024-05-19T12:46:50+00:00","description":"Gala de la Terre 2022 edition","breadcrumb":{"@id":"https:\/\/galadelaterre.com\/en\/edition-2022\/#breadcrumb"},"inLanguage":"en-US","potentialAction":[{"@type":"ReadAction","target":["https:\/\/galadelaterre.com\/en\/edition-2022\/"]}]},{"@type":"BreadcrumbList","@id":"https:\/\/galadelaterre.com\/en\/edition-2022\/#breadcrumb","itemListElement":[{"@type":"ListItem","position":1,"name":"Accueil","item":"https:\/\/galadelaterre.com\/en\/"},{"@type":"ListItem","position":2,"name":"2022 edition"}]},{"@type":"WebSite","@id":"https:\/\/galadelaterre.com\/en\/#website","url":"https:\/\/galadelaterre.com\/en\/","name":"Gala de la Terre","description":"\u00c9dition 2026","publisher":{"@id":"https:\/\/galadelaterre.com\/en\/#organization"},"alternateName":"Gala de la Terre","potentialAction":[{"@type":"SearchAction","target":{"@type":"EntryPoint","urlTemplate":"https:\/\/galadelaterre.com\/en\/?s={search_term_string}"},"query-input":{"@type":"PropertyValueSpecification","valueRequired":true,"valueName":"search_term_string"}}],"inLanguage":"en-US"},{"@type":"Organization","@id":"https:\/\/galadelaterre.com\/en\/#organization","name":"Gala de la Terre","alternateName":"Gala de la Terre","url":"https:\/\/galadelaterre.com\/en\/","logo":{"@type":"ImageObject","inLanguage":"en-US","@id":"https:\/\/galadelaterre.com\/en\/#\/schema\/logo\/image\/","url":"https:\/\/galadelaterre.com\/wp-content\/uploads\/2024\/03\/logo_gdt.png","contentUrl":"https:\/\/galadelaterre.com\/wp-content\/uploads\/2024\/03\/logo_gdt.png","width":900,"height":511,"caption":"Gala de la Terre"},"image":{"@id":"https:\/\/galadelaterre.com\/en\/#\/schema\/logo\/image\/"},"sameAs":["https:\/\/www.facebook.com\/OrchestreAgora\/","https:\/\/x.com\/OrchestreAgora"]}]}},"_links":{"self":[{"href":"https:\/\/galadelaterre.com\/en\/wp-json\/wp\/v2\/pages\/308469","targetHints":{"allow":["GET"]}}],"collection":[{"href":"https:\/\/galadelaterre.com\/en\/wp-json\/wp\/v2\/pages"}],"about":[{"href":"https:\/\/galadelaterre.com\/en\/wp-json\/wp\/v2\/types\/page"}],"author":[{"embeddable":true,"href":"https:\/\/galadelaterre.com\/en\/wp-json\/wp\/v2\/users\/1"}],"replies":[{"embeddable":true,"href":"https:\/\/galadelaterre.com\/en\/wp-json\/wp\/v2\/comments?post=308469"}],"version-history":[{"count":0,"href":"https:\/\/galadelaterre.com\/en\/wp-json\/wp\/v2\/pages\/308469\/revisions"}],"wp:attachment":[{"href":"https:\/\/galadelaterre.com\/en\/wp-json\/wp\/v2\/media?parent=308469"}],"curies":[{"name":"wp","href":"https:\/\/api.w.org\/{rel}","templated":true}]}}